{"id":174,"date":"2021-07-13T10:58:29","date_gmt":"2021-07-13T08:58:29","guid":{"rendered":"http:\/\/douriez.7vallees-informatique.fr\/?page_id=174"},"modified":"2025-12-08T12:04:56","modified_gmt":"2025-12-08T11:04:56","slug":"demarches-particuliers","status":"publish","type":"page","link":"https:\/\/www.douriez.fr\/index.php\/demarches-particuliers\/","title":{"rendered":"D\u00e9marches Particuliers"},"content":{"rendered":"<p>[et_pb_section fb_built=\u00a0\u00bb1&Prime; _builder_version=\u00a0\u00bb4.16&Prime; _module_preset=\u00a0\u00bbdefault\u00a0\u00bb global_colors_info=\u00a0\u00bb{}\u00a0\u00bb][et_pb_row _builder_version=\u00a0\u00bb4.16&Prime; _module_preset=\u00a0\u00bbdefault\u00a0\u00bb global_colors_info=\u00a0\u00bb{}\u00a0\u00bb][et_pb_column type=\u00a0\u00bb4_4&Prime; _builder_version=\u00a0\u00bb4.16&Prime; _module_preset=\u00a0\u00bbdefault\u00a0\u00bb global_colors_info=\u00a0\u00bb{}\u00a0\u00bb][et_pb_post_title meta=\u00a0\u00bboff\u00a0\u00bb _builder_version=\u00a0\u00bb4.16&Prime; _module_preset=\u00a0\u00bbdefault\u00a0\u00bb global_colors_info=\u00a0\u00bb{}\u00a0\u00bb][\/et_pb_post_title][et_pb_text _builder_version=\u00a0\u00bb4.16&Prime; _module_preset=\u00a0\u00bbdefault\u00a0\u00bb global_colors_info=\u00a0\u00bb{}\u00a0\u00bb]<\/p>\n<p>Le portail <a href=\"https:\/\/www.service-public.fr\/\">Service-Public.fr<\/a> contient les fiches et liens officiels pour vous guider dans vos d\u00e9marches administratives.<\/p>\n<p>[\/et_pb_text][et_pb_button button_url=\u00a0\u00bbhttps:\/\/www.service-public.fr\/\u00a0\u00bb button_text=\u00a0\u00bbVos d\u00e9marches en ligne avec Service-Public.fr\u00a0\u00bb button_alignment=\u00a0\u00bbcenter\u00a0\u00bb _builder_version=\u00a0\u00bb4.16&Prime; _module_preset=\u00a0\u00bbdefault\u00a0\u00bb custom_button=\u00a0\u00bbon\u00a0\u00bb button_text_color=\u00a0\u00bb#FFFFFF\u00a0\u00bb button_bg_color=\u00a0\u00bb#189E88&Prime; global_colors_info=\u00a0\u00bb{}\u00a0\u00bb][\/et_pb_button][\/et_pb_column][\/et_pb_row][et_pb_row column_structure=\u00a0\u00bb1_3,1_3,1_3&Prime; make_equal=\u00a0\u00bbon\u00a0\u00bb _builder_version=\u00a0\u00bb4.16&Prime; _module_preset=\u00a0\u00bbdefault\u00a0\u00bb min_height=\u00a0\u00bb270px\u00a0\u00bb max_height=\u00a0\u00bb320px\u00a0\u00bb global_colors_info=\u00a0\u00bb{}\u00a0\u00bb][et_pb_column type=\u00a0\u00bb1_3&Prime; _builder_version=\u00a0\u00bb4.16&Prime; _module_preset=\u00a0\u00bbdefault\u00a0\u00bb global_colors_info=\u00a0\u00bb{}\u00a0\u00bb][et_pb_cta button_url=\u00a0\u00bbhttps:\/\/www.service-public.fr\/particuliers\/vosdroits\/N19810&Prime; button_text=\u00a0\u00bbPapiers-Citoyennet\u00e9\u00a0\u00bb _builder_version=\u00a0\u00bb4.16&Prime; _module_preset=\u00a0\u00bbdefault\u00a0\u00bb min_height=\u00a0\u00bb270px\u00a0\u00bb max_height=\u00a0\u00bb300px\u00a0\u00bb custom_padding=\u00a0\u00bb|20px||20px|false|true\u00a0\u00bb global_colors_info=\u00a0\u00bb{}\u00a0\u00bb]<\/p>\n<div><i class=\"fas fa-address-card fa-5x\"><\/i><\/div>\n<p><a href=\"https:\/\/www.service-public.fr\/particuliers\/vosdroits\/N359\">\u00c9tat-civil<\/a>, <a href=\"https:\/\/www.service-public.fr\/particuliers\/vosdroits\/N360\">Passeport<\/a>, <a href=\"https:\/\/www.service-public.fr\/particuliers\/vosdroits\/N47\">\u00c9lections<\/a>, <a href=\"https:\/\/www.service-public.fr\/particuliers\/vosdroits\/F19134\">Papiers \u00e0 conserver<\/a>, <a href=\"https:\/\/www.service-public.fr\/particuliers\/vosdroits\/N358\">Carte d&rsquo;identit\u00e9<\/a>\u2026<\/p>\n<p>[\/et_pb_cta][\/et_pb_column][et_pb_column type=\u00a0\u00bb1_3&Prime; _builder_version=\u00a0\u00bb4.16&Prime; _module_preset=\u00a0\u00bbdefault\u00a0\u00bb global_colors_info=\u00a0\u00bb{}\u00a0\u00bb][et_pb_cta button_url=\u00a0\u00bbhttps:\/\/www.service-public.fr\/particuliers\/vosdroits\/N19805&Prime; button_text=\u00a0\u00bbFamille\u00a0\u00bb _builder_version=\u00a0\u00bb4.16&Prime; _module_preset=\u00a0\u00bbdefault\u00a0\u00bb min_height=\u00a0\u00bb270px\u00a0\u00bb max_height=\u00a0\u00bb300px\u00a0\u00bb custom_padding=\u00a0\u00bb|20px||20px|false|true\u00a0\u00bb custom_css_main_element=\u00a0\u00bbheight:100%;\u00a0\u00bb global_colors_info=\u00a0\u00bb{}\u00a0\u00bb]<\/p>\n<div><i class=\"fas fa-users fa-5x\"><\/i><\/div>\n<p><a href=\"https:\/\/www.service-public.fr\/particuliers\/vosdroits\/N156\">Allocations familiales<\/a>, <a href=\"https:\/\/www.service-public.fr\/particuliers\/vosdroits\/N15660\">Naissance<\/a>, <a href=\"https:\/\/www.service-public.fr\/particuliers\/vosdroits\/N142\">Mariage<\/a>, <a href=\"https:\/\/www.service-public.fr\/particuliers\/vosdroits\/N144\"><abbr title=\"pacte civil de solidarit\u00e9\">Pacs<\/abbr><\/a>, <a href=\"https:\/\/www.service-public.fr\/particuliers\/vosdroits\/N54\">Scolarit\u00e9<\/a>\u2026<\/p>\n<p>[\/et_pb_cta][\/et_pb_column][et_pb_column type=\u00a0\u00bb1_3&Prime; _builder_version=\u00a0\u00bb4.16&Prime; _module_preset=\u00a0\u00bbdefault\u00a0\u00bb global_colors_info=\u00a0\u00bb{}\u00a0\u00bb][et_pb_cta button_url=\u00a0\u00bbhttps:\/\/www.service-public.fr\/particuliers\/vosdroits\/N19811&Prime; button_text=\u00a0\u00bbSocial-Sant\u00e9\u00a0\u00bb _builder_version=\u00a0\u00bb4.16&Prime; _module_preset=\u00a0\u00bbdefault\u00a0\u00bb min_height=\u00a0\u00bb270px\u00a0\u00bb max_height=\u00a0\u00bb300px\u00a0\u00bb custom_padding=\u00a0\u00bb|20px||20px|false|true\u00a0\u00bb global_colors_info=\u00a0\u00bb{}\u00a0\u00bb]<\/p>\n<div><i class=\"fas fa-hospital-user fa-5x\"><\/i><\/div>\n<p><a href=\"https:\/\/www.service-public.fr\/particuliers\/vosdroits\/F265\">Carte vitale<\/a>, <a href=\"https:\/\/www.service-public.fr\/particuliers\/vosdroits\/N549\">Ch\u00f4mage<\/a>, <a href=\"https:\/\/www.service-public.fr\/particuliers\/vosdroits\/N19811\">Handicap<\/a>, <a href=\"https:\/\/www.service-public.fr\/particuliers\/vosdroits\/N19775\"><abbr title=\"revenu de solidarit\u00e9 active\">RSA<\/abbr><\/a>, <a href=\"https:\/\/www.service-public.fr\/particuliers\/vosdroits\/N392\">Personnes \u00e2g\u00e9es<\/a>\u2026<\/p>\n<p>[\/et_pb_cta][\/et_pb_column][\/et_pb_row][et_pb_row column_structure=\u00a0\u00bb1_3,1_3,1_3&Prime; _builder_version=\u00a0\u00bb4.16&Prime; _module_preset=\u00a0\u00bbdefault\u00a0\u00bb min_height=\u00a0\u00bb270px\u00a0\u00bb max_height=\u00a0\u00bb320px\u00a0\u00bb link_option_url=\u00a0\u00bbhttps:\/\/www.service-public.fr\/particuliers\/vosdroits\/N19806&Prime; global_colors_info=\u00a0\u00bb{}\u00a0\u00bb][et_pb_column type=\u00a0\u00bb1_3&Prime; _builder_version=\u00a0\u00bb4.16&Prime; _module_preset=\u00a0\u00bbdefault\u00a0\u00bb global_colors_info=\u00a0\u00bb{}\u00a0\u00bb][et_pb_cta button_url=\u00a0\u00bbhttps:\/\/www.service-public.fr\/particuliers\/vosdroits\/N19806&Prime; button_text=\u00a0\u00bbTravail\u00a0\u00bb _builder_version=\u00a0\u00bb4.16&Prime; _module_preset=\u00a0\u00bbdefault\u00a0\u00bb height=\u00a0\u00bb270px\u00a0\u00bb global_colors_info=\u00a0\u00bb{}\u00a0\u00bb]<\/p>\n<div><i class=\"fas fa-pencil-ruler fa-5x\"><\/i><\/div>\n<p><a href=\"https:\/\/www.service-public.fr\/particuliers\/vosdroits\/N19871\"><abbr title=\"contrat \u00e0 dur\u00e9e d\u00e9termin\u00e9e\">CDD<\/abbr><\/a>,<span>\u00a0<\/span><a href=\"https:\/\/www.service-public.fr\/particuliers\/vosdroits\/F13971\">Concours<\/a>,<span>\u00a0<\/span><a href=\"https:\/\/www.service-public.fr\/particuliers\/vosdroits\/N381\">Retraite<\/a>,<span>\u00a0<\/span><a href=\"https:\/\/www.service-public.fr\/particuliers\/vosdroits\/N19611\">D\u00e9mission<\/a>,<span>\u00a0<\/span><a href=\"https:\/\/www.service-public.fr\/particuliers\/vosdroits\/F1643\">P\u00e9riode d&rsquo;essai<\/a>\u2026<\/p>\n<p>[\/et_pb_cta][\/et_pb_column][et_pb_column type=\u00a0\u00bb1_3&Prime; _builder_version=\u00a0\u00bb4.16&Prime; _module_preset=\u00a0\u00bbdefault\u00a0\u00bb global_colors_info=\u00a0\u00bb{}\u00a0\u00bb][et_pb_cta button_url=\u00a0\u00bbhttps:\/\/www.service-public.fr\/particuliers\/vosdroits\/N19808&Prime; button_text=\u00a0\u00bbLogement\u00a0\u00bb _builder_version=\u00a0\u00bb4.16&Prime; _module_preset=\u00a0\u00bbdefault\u00a0\u00bb height=\u00a0\u00bb270px\u00a0\u00bb custom_padding=\u00a0\u00bb|20px||20px|false|true\u00a0\u00bb global_colors_info=\u00a0\u00bb{}\u00a0\u00bb]<\/p>\n<div><i class=\"fas fa-house-user fa-5x\"><\/i><\/div>\n<p><a href=\"https:\/\/www.service-public.fr\/particuliers\/vosdroits\/N20360\">Allocations logement<\/a>, <a href=\"https:\/\/www.service-public.fr\/particuliers\/vosdroits\/F1986\">Permis de construire<\/a>, <a href=\"https:\/\/www.service-public.fr\/particuliers\/vosdroits\/F10007\">Logement social<\/a>, <a href=\"https:\/\/www.service-public.fr\/particuliers\/vosdroits\/N339\">Fin de bail<\/a>\u2026<\/p>\n<p>[\/et_pb_cta][\/et_pb_column][et_pb_column type=\u00a0\u00bb1_3&Prime; _builder_version=\u00a0\u00bb4.16&Prime; _module_preset=\u00a0\u00bbdefault\u00a0\u00bb global_colors_info=\u00a0\u00bb{}\u00a0\u00bb][et_pb_cta button_url=\u00a0\u00bbhttps:\/\/www.service-public.fr\/particuliers\/vosdroits\/N19812&Prime; button_text=\u00a0\u00bbTransports\u00a0\u00bb _builder_version=\u00a0\u00bb4.16&Prime; _module_preset=\u00a0\u00bbdefault\u00a0\u00bb height=\u00a0\u00bb270px\u00a0\u00bb global_colors_info=\u00a0\u00bb{}\u00a0\u00bb]<\/p>\n<div><i class=\"fas fa-car fa-5x\"><\/i><\/div>\n<p><a href=\"https:\/\/www.service-public.fr\/particuliers\/vosdroits\/N367\">Carte grise<\/a>, <a href=\"https:\/\/www.service-public.fr\/particuliers\/vosdroits\/N530\">Permis de conduire<\/a>, <a href=\"https:\/\/www.service-public.fr\/particuliers\/vosdroits\/N31200\">Contr\u00f4le technique<\/a>, <a href=\"https:\/\/www.service-public.fr\/particuliers\/vosdroits\/N18918\">Infractions<\/a>\u2026<\/p>\n<p>[\/et_pb_cta][\/et_pb_column][\/et_pb_row][et_pb_row column_structure=\u00a0\u00bb1_3,1_3,1_3&Prime; _builder_version=\u00a0\u00bb4.16&Prime; _module_preset=\u00a0\u00bbdefault\u00a0\u00bb link_option_url=\u00a0\u00bbhttps:\/\/www.service-public.fr\/particuliers\/vosdroits\/N19806&Prime; global_colors_info=\u00a0\u00bb{}\u00a0\u00bb][et_pb_column type=\u00a0\u00bb1_3&Prime; _builder_version=\u00a0\u00bb4.16&Prime; _module_preset=\u00a0\u00bbdefault\u00a0\u00bb global_colors_info=\u00a0\u00bb{}\u00a0\u00bb][et_pb_cta button_url=\u00a0\u00bbhttps:\/\/www.service-public.fr\/particuliers\/vosdroits\/N19803&Prime; button_text=\u00a0\u00bbArgent\u00a0\u00bb _builder_version=\u00a0\u00bb4.16&Prime; _module_preset=\u00a0\u00bbdefault\u00a0\u00bb height=\u00a0\u00bb270px\u00a0\u00bb custom_padding=\u00a0\u00bb|20px||20px|false|true\u00a0\u00bb global_colors_info=\u00a0\u00bb{}\u00a0\u00bb]<\/p>\n<div><i class=\"fas fa-euro-sign fa-5x\"><\/i><\/div>\n<p><a href=\"https:\/\/www.service-public.fr\/particuliers\/vosdroits\/N20373\">Cr\u00e9dit immobilier<\/a>, <a href=\"https:\/\/www.service-public.fr\/particuliers\/vosdroits\/N247\">Imp\u00f4ts<\/a>, <a href=\"https:\/\/www.service-public.fr\/particuliers\/vosdroits\/N19803\">Consommation<\/a>, <a href=\"https:\/\/www.service-public.fr\/particuliers\/vosdroits\/N20376\">Livret\u00a0A<\/a>, <a href=\"https:\/\/www.service-public.fr\/particuliers\/vosdroits\/N19803\">Assurance<\/a>, <a href=\"https:\/\/www.service-public.fr\/particuliers\/vosdroits\/N99\">Surendettement<\/a>\u2026<\/p>\n<p>[\/et_pb_cta][\/et_pb_column][et_pb_column type=\u00a0\u00bb1_3&Prime; _builder_version=\u00a0\u00bb4.16&Prime; _module_preset=\u00a0\u00bbdefault\u00a0\u00bb global_colors_info=\u00a0\u00bb{}\u00a0\u00bb][et_pb_cta button_url=\u00a0\u00bbhttps:\/\/www.service-public.fr\/particuliers\/vosdroits\/N19807&Prime; button_text=\u00a0\u00bbJustice\u00a0\u00bb _builder_version=\u00a0\u00bb4.16&Prime; _module_preset=\u00a0\u00bbdefault\u00a0\u00bb height=\u00a0\u00bb270px\u00a0\u00bb global_colors_info=\u00a0\u00bb{}\u00a0\u00bb]<\/p>\n<div><i class=\"fas fa-balance-scale fa-5x\"><\/i><\/div>\n<p><a href=\"https:\/\/www.service-public.fr\/particuliers\/vosdroits\/F1420\">Casier judiciaire<\/a>,<span>\u00a0<\/span><a href=\"https:\/\/www.service-public.fr\/particuliers\/vosdroits\/F1435\">Plainte<\/a>,<span>\u00a0<\/span><a href=\"https:\/\/www.service-public.fr\/particuliers\/vosdroits\/F18074\">Aide juridictionnelle<\/a>,<span>\u00a0<\/span><a href=\"https:\/\/www.service-public.fr\/particuliers\/vosdroits\/N277\">Saisie<\/a>\u2026[\/et_pb_cta][\/et_pb_column][et_pb_column type=\u00a0\u00bb1_3&Prime; _builder_version=\u00a0\u00bb4.16&Prime; _module_preset=\u00a0\u00bbdefault\u00a0\u00bb global_colors_info=\u00a0\u00bb{}\u00a0\u00bb][et_pb_cta button_url=\u00a0\u00bbhttps:\/\/www.service-public.fr\/particuliers\/vosdroits\/N19804&Prime; button_text=\u00a0\u00bbEtranger\u00a0\u00bb _builder_version=\u00a0\u00bb4.16&Prime; _module_preset=\u00a0\u00bbdefault\u00a0\u00bb height=\u00a0\u00bb270px\u00a0\u00bb global_colors_info=\u00a0\u00bb{}\u00a0\u00bb]<\/p>\n<div><i class=\"fas fa-globe-europe fa-5x\"><\/i><\/div>\n<p><a href=\"https:\/\/www.service-public.fr\/particuliers\/vosdroits\/N110\">Titres de s\u00e9jour<\/a>,<span>\u00a0<\/span><a href=\"https:\/\/www.service-public.fr\/particuliers\/vosdroits\/F2191\">Attestation d\u2019accueil<\/a>,<span>\u00a0<\/span><a href=\"https:\/\/www.service-public.fr\/particuliers\/vosdroits\/N11165\">Regroupement familial<\/a>\u2026[\/et_pb_cta][\/et_pb_column][\/et_pb_row][et_pb_row column_structure=\u00a0\u00bb1_3,1_3,1_3&Prime; _builder_version=\u00a0\u00bb4.16&Prime; _module_preset=\u00a0\u00bbdefault\u00a0\u00bb link_option_url=\u00a0\u00bbhttps:\/\/www.service-public.fr\/particuliers\/vosdroits\/N19806&Prime; global_colors_info=\u00a0\u00bb{}\u00a0\u00bb][et_pb_column type=\u00a0\u00bb1_3&Prime; _builder_version=\u00a0\u00bb4.16&Prime; _module_preset=\u00a0\u00bbdefault\u00a0\u00bb global_colors_info=\u00a0\u00bb{}\u00a0\u00bb][et_pb_cta button_url=\u00a0\u00bbhttps:\/\/www.service-public.fr\/particuliers\/vosdroits\/N19809&Prime; button_text=\u00a0\u00bbLoisirs\u00a0\u00bb _builder_version=\u00a0\u00bb4.16&Prime; _module_preset=\u00a0\u00bbdefault\u00a0\u00bb height=\u00a0\u00bb270px\u00a0\u00bb custom_padding=\u00a0\u00bb|20px||20px|false|true\u00a0\u00bb global_colors_info=\u00a0\u00bb{}\u00a0\u00bb]<\/p>\n<div><i class=\"fas fa-suitcase-rolling fa-5x\" aria-hidden=\"true\"><\/i><\/div>\n<p><a href=\"https:\/\/www.service-public.fr\/particuliers\/vosdroits\/N18944\">Chasse, p\u00eache, sport, animal de compagnie, h\u00e9bergement, vacances<\/a><a href=\"https:\/\/www.service-public.fr\/particuliers\/vosdroits\/N18944\">\u2026<\/a><\/p>\n<p>[\/et_pb_cta][\/et_pb_column][et_pb_column type=\u00a0\u00bb1_3&Prime; _builder_version=\u00a0\u00bb4.16&Prime; _module_preset=\u00a0\u00bbdefault\u00a0\u00bb global_colors_info=\u00a0\u00bb{}\u00a0\u00bb][\/et_pb_column][et_pb_column type=\u00a0\u00bb1_3&Prime; _builder_version=\u00a0\u00bb4.16&Prime; _module_preset=\u00a0\u00bbdefault\u00a0\u00bb global_colors_info=\u00a0\u00bb{}\u00a0\u00bb][\/et_pb_column][\/et_pb_row][\/et_pb_section]<\/p>\n","protected":false},"excerpt":{"rendered":"<p>Le portail Service-Public.fr contient les fiches et liens officiels pour vous guider dans vos d\u00e9marches administratives. \u00c9tat-civil, Passeport, \u00c9lections, Papiers \u00e0 conserver, Carte d&rsquo;identit\u00e9\u2026 Allocations familiales, Naissance, Mariage, Pacs, Scolarit\u00e9\u2026 Carte vitale, Ch\u00f4mage, Handicap, RSA, Personnes \u00e2g\u00e9es\u2026 CDD,\u00a0Concours,\u00a0Retraite,\u00a0D\u00e9mission,\u00a0P\u00e9riode d&rsquo;essai\u2026 Allocations logement, Permis de construire, Logement social, Fin de bail\u2026 Carte grise, Permis de conduire, Contr\u00f4le [&hellip;]<\/p>\n","protected":false},"author":1,"featured_media":0,"parent":0,"menu_order":0,"comment_status":"closed","ping_status":"closed","template":"","meta":{"_et_pb_use_builder":"on","_et_pb_old_content":"","_et_gb_content_width":"","footnotes":""},"folder":[],"class_list":["post-174","page","type-page","status-publish","hentry"],"_links":{"self":[{"href":"https:\/\/www.douriez.fr\/index.php\/wp-json\/wp\/v2\/pages\/174","targetHints":{"allow":["GET"]}}],"collection":[{"href":"https:\/\/www.douriez.fr\/index.php\/wp-json\/wp\/v2\/pages"}],"about":[{"href":"https:\/\/www.douriez.fr\/index.php\/wp-json\/wp\/v2\/types\/page"}],"author":[{"embeddable":true,"href":"https:\/\/www.douriez.fr\/index.php\/wp-json\/wp\/v2\/users\/1"}],"replies":[{"embeddable":true,"href":"https:\/\/www.douriez.fr\/index.php\/wp-json\/wp\/v2\/comments?post=174"}],"version-history":[{"count":11,"href":"https:\/\/www.douriez.fr\/index.php\/wp-json\/wp\/v2\/pages\/174\/revisions"}],"predecessor-version":[{"id":1571,"href":"https:\/\/www.douriez.fr\/index.php\/wp-json\/wp\/v2\/pages\/174\/revisions\/1571"}],"wp:attachment":[{"href":"https:\/\/www.douriez.fr\/index.php\/wp-json\/wp\/v2\/media?parent=174"}],"wp:term":[{"taxonomy":"folder","embeddable":true,"href":"https:\/\/www.douriez.fr\/index.php\/wp-json\/wp\/v2\/folder?post=174"}],"curies":[{"name":"wp","href":"https:\/\/api.w.org\/{rel}","templated":true}]}}