{"id":1078,"date":"2024-09-27T14:35:45","date_gmt":"2024-09-27T12:35:45","guid":{"rendered":"https:\/\/www.douriez.fr\/?page_id=1078"},"modified":"2024-09-27T14:59:58","modified_gmt":"2024-09-27T12:59:58","slug":"1078-2","status":"publish","type":"page","link":"https:\/\/www.douriez.fr\/index.php\/1078-2\/","title":{"rendered":"Manifestations"},"content":{"rendered":"\n[et_pb_section fb_built=\u00a0\u00bb1&Prime; _builder_version=\u00a0\u00bb4.27.0&Prime; _module_preset=\u00a0\u00bbdefault\u00a0\u00bb global_colors_info=\u00a0\u00bb{}\u00a0\u00bb][et_pb_row _builder_version=\u00a0\u00bb4.27.0&Prime; _module_preset=\u00a0\u00bbdefault\u00a0\u00bb global_colors_info=\u00a0\u00bb{}\u00a0\u00bb][et_pb_column type=\u00a0\u00bb4_4&Prime; _builder_version=\u00a0\u00bb4.27.0&Prime; _module_preset=\u00a0\u00bbdefault\u00a0\u00bb global_colors_info=\u00a0\u00bb{}\u00a0\u00bb][et_pb_text _builder_version=\u00a0\u00bb4.27.0&Prime; _module_preset=\u00a0\u00bbdefault\u00a0\u00bb global_colors_info=\u00a0\u00bb{}\u00a0\u00bb]<h1>Manifestions \u00e0 Douriez<\/h1>[\/et_pb_text][squad_post_grid post_display_by=\u00a0\u00bbcategory\u00a0\u00bb post_include_categories=\u00a0\u00bb25&Prime; post_order=\u00a0\u00bbDESC\u00a0\u00bb post_offset=\u00a0\u00bb0&Prime; thumbnail_size=\u00a0\u00bbj M, Y\u00a0\u00bb date_format=\u00a0\u00bbj M, Y\u00a0\u00bb number_of_columns=\u00a0\u00bb2&Prime; item_gap=\u00a0\u00bb20px\u00a0\u00bb pagination__enable=\u00a0\u00bbon\u00a0\u00bb pagination_numbers__enable=\u00a0\u00bbon\u00a0\u00bb pagination_icon_only__enable=\u00a0\u00bbon\u00a0\u00bb number_of_columns_tablet=\u00a0\u00bb2&Prime; number_of_columns_phone=\u00a0\u00bb1&Prime; number_of_columns_last_edited=\u00a0\u00bbon|desktop\u00a0\u00bb _builder_version=\u00a0\u00bb4.27.0&Prime; _module_preset=\u00a0\u00bbdefault\u00a0\u00bb hover_enabled=\u00a0\u00bb0&Prime; global_colors_info=\u00a0\u00bb{}\u00a0\u00bb sticky_enabled=\u00a0\u00bb0&Prime;][squad_post_grid_child element=\u00a0\u00bbtitle\u00a0\u00bb element_title_tag=\u00a0\u00bbh2&Prime; _builder_version=\u00a0\u00bb4.16&Prime; global_colors_info=\u00a0\u00bb{}\u00a0\u00bb][\/squad_post_grid_child][squad_post_grid_child element=\u00a0\u00bbimage\u00a0\u00bb _builder_version=\u00a0\u00bb4.16&Prime; global_colors_info=\u00a0\u00bb{}\u00a0\u00bb][\/squad_post_grid_child][squad_post_grid_child element=\u00a0\u00bbdate\u00a0\u00bb element_date_type=\u00a0\u00bbmodified\u00a0\u00bb element_icon=\u00a0\u00bb&#xe023;||divi||400&Prime; element_icon_text_gap=\u00a0\u00bb10px\u00a0\u00bb element_icon_vertical_alignment=\u00a0\u00bbcenter\u00a0\u00bb _builder_version=\u00a0\u00bb4.16&Prime; global_colors_info=\u00a0\u00bb{}\u00a0\u00bb][\/squad_post_grid_child][squad_post_grid_child element=\u00a0\u00bbcontent\u00a0\u00bb element_ex_con_length__enable=\u00a0\u00bbon\u00a0\u00bb element_ex_con_length=\u00a0\u00bb30&Prime; _builder_version=\u00a0\u00bb4.27.0&Prime; _module_preset=\u00a0\u00bbdefault\u00a0\u00bb global_colors_info=\u00a0\u00bb{}\u00a0\u00bb][\/squad_post_grid_child][squad_post_grid_child element=\u00a0\u00bbread_more\u00a0\u00bb element_read_more_text=\u00a0\u00bbRead More\u00a0\u00bb element_icon=\u00a0\u00bb&#x35;||divi||400&Prime; element_icon_text_gap=\u00a0\u00bb10px\u00a0\u00bb element_icon_vertical_alignment=\u00a0\u00bbcenter\u00a0\u00bb _builder_version=\u00a0\u00bb4.16&Prime; global_colors_info=\u00a0\u00bb{}\u00a0\u00bb][\/squad_post_grid_child][\/squad_post_grid][\/et_pb_column][\/et_pb_row][\/et_pb_section]\n","protected":false},"excerpt":{"rendered":"<p>Manifestions \u00e0 Douriez<div class=\"et_pb_module squad_post_grid squad_post_grid_0\">\n\t\t\t\t\n\t\t\t\t\n\t\t\t\t\n\t\t\t\t\n\t\t\t\t\n\t\t\t\t\n\t\t\t\t<div class=\"et_pb_module_inner\">\n\t\t\t\t\t<ul class=\"squad-post-container\" style=\"list-style-type: none;\"><li class=\"post post-1471 type-post status-publish format-standard has-post-thumbnail hentry category-manifestations category-non-classe\"><div class=\"squad-post-outer\"><\/div><div class=\"squad-post-inner\"><div class=\"et_pb_module squad_post_grid_child squad_post_grid_child_0\">\n\t\t\t\t\n\t\t\t\t\n\t\t\t\t\n\t\t\t\t\n\t\t\t\t\n\t\t\t\t\n\t\t\t\t<div class=\"et_pb_module_inner\">\n\t\t\t\t\t<div class=\"post-elements et_pb_with_background\"><div class=\"squad-post-element squad-post-element__title et_pb_with_background\"><h2 class=\"element-text\"><span class=\"element-text\">Concert Off des Pianos Folies<\/span><\/h2><\/div><\/div>\n\t\t\t\t<\/div>\n\t\t\t<\/div><div class=\"et_pb_module squad_post_grid_child squad_post_grid_child_1\">\n\t\t\t\t\n\t\t\t\t\n\t\t\t\t\n\t\t\t\t\n\t\t\t\t\n\t\t\t\t\n\t\t\t\t<div class=\"et_pb_module_inner\">\n\t\t\t\t\t<div class=\"post-elements et_pb_with_background\"><div class=\"squad-post-element squad-post-element__image et_pb_with_background\"><img decoding=\"async\" width=\"1500\" height=\"2000\" src=\"https:\/\/www.douriez.fr\/wp-content\/uploads\/2025\/08\/concert-off-pianos-folies.jpg\" class=\"attachment-full size-full wp-post-image\" alt=\"\" loading=\"lazy\" \/><\/div><\/div>\n\t\t\t\t<\/div>\n\t\t\t<\/div><div class=\"et_pb_module squad_post_grid_child squad_post_grid_child_2\">\n\t\t\t\t\n\t\t\t\t\n\t\t\t\t\n\t\t\t\t\n\t\t\t\t\n\t\t\t\t\n\t\t\t\t<div class=\"et_pb_module_inner\">\n\t\t\t\t\t<div class=\"post-elements et_pb_with_background\"><span class=\"squad-element-icon-wrapper\"><span class=\"icon-element\"><span class=\"et-pb-icon squad_icon\">\ue023<\/span><\/span><\/span><div class=\"squad-post-element squad-post-element__date et_pb_with_background\"><time datetime=\"2025-08-31 09:53:00\">Ao\u00fbt 31, 2025<\/time><\/div><\/div>\n\t\t\t\t<\/div>\n\t\t\t<\/div><div class=\"et_pb_module squad_post_grid_child squad_post_grid_child_3\">\n\t\t\t\t\n\t\t\t\t\n\t\t\t\t\n\t\t\t\t\n\t\t\t\t\n\t\t\t\t\n\t\t\t\t<div class=\"et_pb_module_inner\">\n\t\t\t\t\t<div class=\"post-elements et_pb_with_background\"><div class=\"squad-post-element squad-post-element__content et_pb_with_background\"><span>Jeudi dernier \u00e0 h c'est dans une coll\u00e9giale comble que se sont produits trois jeunes artistes hongrois issus entre autres du Conservatoire de PECS et laur\u00e9ats de nombreux prix et<\/span><\/div><\/div>\n\t\t\t\t<\/div>\n\t\t\t<\/div><div class=\"et_pb_module squad_post_grid_child squad_post_grid_child_4\">\n\t\t\t\t\n\t\t\t\t\n\t\t\t\t\n\t\t\t\t\n\t\t\t\t\n\t\t\t\t\n\t\t\t\t<div class=\"et_pb_module_inner\">\n\t\t\t\t\t<div class=\"post-elements et_pb_with_background\"><span class=\"squad-element-icon-wrapper\"><span class=\"icon-element\"><span class=\"et-pb-icon squad_icon\">5<\/span><\/span><\/span><div class=\"squad-post-element squad-post-element__read_more et_pb_with_background\"><a href=\"https:\/\/www.douriez.fr\/index.php\/2025\/08\/23\/concert-off-des-pianos-folies\/\" title=\"Read the post\">Read More<\/a><\/div><\/div>\n\t\t\t\t<\/div>\n\t\t\t<\/div><\/div><\/li><li class=\"post post-1460 type-post status-publish format-standard has-post-thumbnail hentry category-manifestations\"><div class=\"squad-post-outer\"><\/div><div class=\"squad-post-inner\"><div class=\"et_pb_module squad_post_grid_child squad_post_grid_child_0\">\n\t\t\t\t\n\t\t\t\t\n\t\t\t\t\n\t\t\t\t\n\t\t\t\t\n\t\t\t\t\n\t\t\t\t<div class=\"et_pb_module_inner\">\n\t\t\t\t\t<div class=\"post-elements et_pb_with_background\"><div class=\"squad-post-element squad-post-element__title et_pb_with_background\"><h2 class=\"element-text\"><span class=\"element-text\">Brocante 2025<\/span><\/h2><\/div><\/div>\n\t\t\t\t<\/div>\n\t\t\t<\/div><div class=\"et_pb_module squad_post_grid_child squad_post_grid_child_1\">\n\t\t\t\t\n\t\t\t\t\n\t\t\t\t\n\t\t\t\t\n\t\t\t\t\n\t\t\t\t\n\t\t\t\t<div class=\"et_pb_module_inner\">\n\t\t\t\t\t<div class=\"post-elements et_pb_with_background\"><div class=\"squad-post-element squad-post-element__image et_pb_with_background\"><img decoding=\"async\" width=\"1536\" height=\"2048\" src=\"https:\/\/www.douriez.fr\/wp-content\/uploads\/2025\/08\/brocante2025d.jpg\" class=\"attachment-full size-full wp-post-image\" alt=\"\" loading=\"lazy\" \/><\/div><\/div>\n\t\t\t\t<\/div>\n\t\t\t<\/div><div class=\"et_pb_module squad_post_grid_child squad_post_grid_child_2\">\n\t\t\t\t\n\t\t\t\t\n\t\t\t\t\n\t\t\t\t\n\t\t\t\t\n\t\t\t\t\n\t\t\t\t<div class=\"et_pb_module_inner\">\n\t\t\t\t\t<div class=\"post-elements et_pb_with_background\"><span class=\"squad-element-icon-wrapper\"><span class=\"icon-element\"><span class=\"et-pb-icon squad_icon\">\ue023<\/span><\/span><\/span><div class=\"squad-post-element squad-post-element__date et_pb_with_background\"><time datetime=\"2025-08-14 14:14:07\">Ao\u00fbt 14, 2025<\/time><\/div><\/div>\n\t\t\t\t<\/div>\n\t\t\t<\/div><div class=\"et_pb_module squad_post_grid_child squad_post_grid_child_3\">\n\t\t\t\t\n\t\t\t\t\n\t\t\t\t\n\t\t\t\t\n\t\t\t\t\n\t\t\t\t\n\t\t\t\t<div class=\"et_pb_module_inner\">\n\t\t\t\t\t<div class=\"post-elements et_pb_with_background\"><div class=\"squad-post-element squad-post-element__content et_pb_with_background\"><span>Pas une seule goutte de pluie n'est venue perturber la brocante de Douriez ce dimanche ao\u00fbt avec sa centaine d'inscrits sur pr\u00e8s d'un kilom\u00e8tre Le centre du village a vu<\/span><\/div><\/div>\n\t\t\t\t<\/div>\n\t\t\t<\/div><div class=\"et_pb_module squad_post_grid_child squad_post_grid_child_4\">\n\t\t\t\t\n\t\t\t\t\n\t\t\t\t\n\t\t\t\t\n\t\t\t\t\n\t\t\t\t\n\t\t\t\t<div class=\"et_pb_module_inner\">\n\t\t\t\t\t<div class=\"post-elements et_pb_with_background\"><span class=\"squad-element-icon-wrapper\"><span class=\"icon-element\"><span class=\"et-pb-icon squad_icon\">5<\/span><\/span><\/span><div class=\"squad-post-element squad-post-element__read_more et_pb_with_background\"><a href=\"https:\/\/www.douriez.fr\/index.php\/2025\/08\/07\/brocante-2025\/\" title=\"Read the post\">Read More<\/a><\/div><\/div>\n\t\t\t\t<\/div>\n\t\t\t<\/div><\/div><\/li><li class=\"post post-1306 type-post status-publish format-standard has-post-thumbnail hentry category-actualites category-manifestations\"><div class=\"squad-post-outer\"><\/div><div class=\"squad-post-inner\"><div class=\"et_pb_module squad_post_grid_child squad_post_grid_child_0\">\n\t\t\t\t\n\t\t\t\t\n\t\t\t\t\n\t\t\t\t\n\t\t\t\t\n\t\t\t\t\n\t\t\t\t<div class=\"et_pb_module_inner\">\n\t\t\t\t\t<div class=\"post-elements et_pb_with_background\"><div class=\"squad-post-element squad-post-element__title et_pb_with_background\"><h2 class=\"element-text\"><span class=\"element-text\">Come din ch\u00e9s r\u00eafes<\/span><\/h2><\/div><\/div>\n\t\t\t\t<\/div>\n\t\t\t<\/div><div class=\"et_pb_module squad_post_grid_child squad_post_grid_child_1\">\n\t\t\t\t\n\t\t\t\t\n\t\t\t\t\n\t\t\t\t\n\t\t\t\t\n\t\t\t\t\n\t\t\t\t<div class=\"et_pb_module_inner\">\n\t\t\t\t\t<div class=\"post-elements et_pb_with_background\"><div class=\"squad-post-element squad-post-element__image et_pb_with_background\"><img decoding=\"async\" width=\"510\" height=\"321\" src=\"https:\/\/www.douriez.fr\/wp-content\/uploads\/2025\/02\/comedincherefes.jpg\" class=\"attachment-full size-full wp-post-image\" alt=\"\" loading=\"lazy\" \/><\/div><\/div>\n\t\t\t\t<\/div>\n\t\t\t<\/div><div class=\"et_pb_module squad_post_grid_child squad_post_grid_child_2\">\n\t\t\t\t\n\t\t\t\t\n\t\t\t\t\n\t\t\t\t\n\t\t\t\t\n\t\t\t\t\n\t\t\t\t<div class=\"et_pb_module_inner\">\n\t\t\t\t\t<div class=\"post-elements et_pb_with_background\"><span class=\"squad-element-icon-wrapper\"><span class=\"icon-element\"><span class=\"et-pb-icon squad_icon\">\ue023<\/span><\/span><\/span><div class=\"squad-post-element squad-post-element__date et_pb_with_background\"><time datetime=\"2025-02-19 18:24:08\">F\u00e9v 19, 2025<\/time><\/div><\/div>\n\t\t\t\t<\/div>\n\t\t\t<\/div><div class=\"et_pb_module squad_post_grid_child squad_post_grid_child_3\">\n\t\t\t\t\n\t\t\t\t\n\t\t\t\t\n\t\t\t\t\n\t\t\t\t\n\t\t\t\t\n\t\t\t\t<div class=\"et_pb_module_inner\">\n\t\t\t\t\t<div class=\"post-elements et_pb_with_background\"><div class=\"squad-post-element squad-post-element__content et_pb_with_background\"><span>Bravo magnifique spectacle Effectivement ce spectacle du samedi f\u00e9vrier \u00e9tait un vrai moment de bonheur Sinc\u00e8res bravos et remerciements \u00e0 la Compagnie du Reste Ici \u00e0 Christiane CALONNE et Jacques<\/span><\/div><\/div>\n\t\t\t\t<\/div>\n\t\t\t<\/div><div class=\"et_pb_module squad_post_grid_child squad_post_grid_child_4\">\n\t\t\t\t\n\t\t\t\t\n\t\t\t\t\n\t\t\t\t\n\t\t\t\t\n\t\t\t\t\n\t\t\t\t<div class=\"et_pb_module_inner\">\n\t\t\t\t\t<div class=\"post-elements et_pb_with_background\"><span class=\"squad-element-icon-wrapper\"><span class=\"icon-element\"><span class=\"et-pb-icon squad_icon\">5<\/span><\/span><\/span><div class=\"squad-post-element squad-post-element__read_more et_pb_with_background\"><a href=\"https:\/\/www.douriez.fr\/index.php\/2025\/02\/19\/come-din-ches-refes-2\/\" title=\"Read the post\">Read More<\/a><\/div><\/div>\n\t\t\t\t<\/div>\n\t\t\t<\/div><\/div><\/li><li class=\"post post-1223 type-post status-publish format-standard has-post-thumbnail hentry category-actualites category-manifestations\"><div class=\"squad-post-outer\"><\/div><div class=\"squad-post-inner\"><div class=\"et_pb_module squad_post_grid_child squad_post_grid_child_0\">\n\t\t\t\t\n\t\t\t\t\n\t\t\t\t\n\t\t\t\t\n\t\t\t\t\n\t\t\t\t\n\t\t\t\t<div class=\"et_pb_module_inner\">\n\t\t\t\t\t<div class=\"post-elements et_pb_with_background\"><div class=\"squad-post-element squad-post-element__title et_pb_with_background\"><h2 class=\"element-text\"><span class=\"element-text\">Apr\u00e8s-midi magie<\/span><\/h2><\/div><\/div>\n\t\t\t\t<\/div>\n\t\t\t<\/div><div class=\"et_pb_module squad_post_grid_child squad_post_grid_child_1\">\n\t\t\t\t\n\t\t\t\t\n\t\t\t\t\n\t\t\t\t\n\t\t\t\t\n\t\t\t\t\n\t\t\t\t<div class=\"et_pb_module_inner\">\n\t\t\t\t\t<div class=\"post-elements et_pb_with_background\"><div class=\"squad-post-element squad-post-element__image et_pb_with_background\"><img decoding=\"async\" width=\"2048\" height=\"1536\" src=\"https:\/\/www.douriez.fr\/wp-content\/uploads\/2025\/01\/spectacle2024.jpg\" class=\"attachment-full size-full wp-post-image\" alt=\"\" loading=\"lazy\" \/><\/div><\/div>\n\t\t\t\t<\/div>\n\t\t\t<\/div><div class=\"et_pb_module squad_post_grid_child squad_post_grid_child_2\">\n\t\t\t\t\n\t\t\t\t\n\t\t\t\t\n\t\t\t\t\n\t\t\t\t\n\t\t\t\t\n\t\t\t\t<div class=\"et_pb_module_inner\">\n\t\t\t\t\t<div class=\"post-elements et_pb_with_background\"><span class=\"squad-element-icon-wrapper\"><span class=\"icon-element\"><span class=\"et-pb-icon squad_icon\">\ue023<\/span><\/span><\/span><div class=\"squad-post-element squad-post-element__date et_pb_with_background\"><time datetime=\"2025-01-03 11:43:22\">Jan 3, 2025<\/time><\/div><\/div>\n\t\t\t\t<\/div>\n\t\t\t<\/div><div class=\"et_pb_module squad_post_grid_child squad_post_grid_child_3\">\n\t\t\t\t\n\t\t\t\t\n\t\t\t\t\n\t\t\t\t\n\t\t\t\t\n\t\t\t\t\n\t\t\t\t<div class=\"et_pb_module_inner\">\n\t\t\t\t\t<div class=\"post-elements et_pb_with_background\"><div class=\"squad-post-element squad-post-element__content et_pb_with_background\"><span>Monsieur le Maire et le Conseil Municipal vous remercient d'avoir particip\u00e9 \u00e0 cet apr\u00e8s midi magique de ce samedi d\u00e9cembre Votre participation a contribu\u00e9 \u00e0 son succ\u00e8s et nous n'aurions<\/span><\/div><\/div>\n\t\t\t\t<\/div>\n\t\t\t<\/div><div class=\"et_pb_module squad_post_grid_child squad_post_grid_child_4\">\n\t\t\t\t\n\t\t\t\t\n\t\t\t\t\n\t\t\t\t\n\t\t\t\t\n\t\t\t\t\n\t\t\t\t<div class=\"et_pb_module_inner\">\n\t\t\t\t\t<div class=\"post-elements et_pb_with_background\"><span class=\"squad-element-icon-wrapper\"><span class=\"icon-element\"><span class=\"et-pb-icon squad_icon\">5<\/span><\/span><\/span><div class=\"squad-post-element squad-post-element__read_more et_pb_with_background\"><a href=\"https:\/\/www.douriez.fr\/index.php\/2024\/12\/29\/apres-midi-magie\/\" title=\"Read the post\">Read More<\/a><\/div><\/div>\n\t\t\t\t<\/div>\n\t\t\t<\/div><\/div><\/li><li class=\"post post-1157 type-post status-publish format-standard has-post-thumbnail hentry category-actualites category-manifestations\"><div class=\"squad-post-outer\"><\/div><div class=\"squad-post-inner\"><div class=\"et_pb_module squad_post_grid_child squad_post_grid_child_0\">\n\t\t\t\t\n\t\t\t\t\n\t\t\t\t\n\t\t\t\t\n\t\t\t\t\n\t\t\t\t\n\t\t\t\t<div class=\"et_pb_module_inner\">\n\t\t\t\t\t<div class=\"post-elements et_pb_with_background\"><div class=\"squad-post-element squad-post-element__title et_pb_with_background\"><h2 class=\"element-text\"><span class=\"element-text\">R\u00e9union d'information sur le compostage<\/span><\/h2><\/div><\/div>\n\t\t\t\t<\/div>\n\t\t\t<\/div><div class=\"et_pb_module squad_post_grid_child squad_post_grid_child_1\">\n\t\t\t\t\n\t\t\t\t\n\t\t\t\t\n\t\t\t\t\n\t\t\t\t\n\t\t\t\t\n\t\t\t\t<div class=\"et_pb_module_inner\">\n\t\t\t\t\t<div class=\"post-elements et_pb_with_background\"><div class=\"squad-post-element squad-post-element__image et_pb_with_background\"><img decoding=\"async\" width=\"1438\" height=\"2048\" src=\"https:\/\/www.douriez.fr\/wp-content\/uploads\/2024\/11\/semaine-dechets.jpg\" class=\"attachment-full size-full wp-post-image\" alt=\"\" loading=\"lazy\" \/><\/div><\/div>\n\t\t\t\t<\/div>\n\t\t\t<\/div><div class=\"et_pb_module squad_post_grid_child squad_post_grid_child_2\">\n\t\t\t\t\n\t\t\t\t\n\t\t\t\t\n\t\t\t\t\n\t\t\t\t\n\t\t\t\t\n\t\t\t\t<div class=\"et_pb_module_inner\">\n\t\t\t\t\t<div class=\"post-elements et_pb_with_background\"><span class=\"squad-element-icon-wrapper\"><span class=\"icon-element\"><span class=\"et-pb-icon squad_icon\">\ue023<\/span><\/span><\/span><div class=\"squad-post-element squad-post-element__date et_pb_with_background\"><time datetime=\"2024-11-23 12:15:22\">Nov 23, 2024<\/time><\/div><\/div>\n\t\t\t\t<\/div>\n\t\t\t<\/div><div class=\"et_pb_module squad_post_grid_child squad_post_grid_child_3\">\n\t\t\t\t\n\t\t\t\t\n\t\t\t\t\n\t\t\t\t\n\t\t\t\t\n\t\t\t\t\n\t\t\t\t<div class=\"et_pb_module_inner\">\n\t\t\t\t\t<div class=\"post-elements et_pb_with_background\"><div class=\"squad-post-element squad-post-element__content et_pb_with_background\"><span>Dans le cadre de la semaine europ\u00e9enne de r\u00e9duction des d\u00e9chets dans les vall\u00e9es une r\u00e9union d'information se tenait \u00e0 la salle des f\u00eates de Douriez ce vendredi novembre \u00e0<\/span><\/div><\/div>\n\t\t\t\t<\/div>\n\t\t\t<\/div><div class=\"et_pb_module squad_post_grid_child squad_post_grid_child_4\">\n\t\t\t\t\n\t\t\t\t\n\t\t\t\t\n\t\t\t\t\n\t\t\t\t\n\t\t\t\t\n\t\t\t\t<div class=\"et_pb_module_inner\">\n\t\t\t\t\t<div class=\"post-elements et_pb_with_background\"><span class=\"squad-element-icon-wrapper\"><span class=\"icon-element\"><span class=\"et-pb-icon squad_icon\">5<\/span><\/span><\/span><div class=\"squad-post-element squad-post-element__read_more et_pb_with_background\"><a href=\"https:\/\/www.douriez.fr\/index.php\/2024\/11\/23\/reunion-dinformation-sur-le-compostage\/\" title=\"Read the post\">Read More<\/a><\/div><\/div>\n\t\t\t\t<\/div>\n\t\t\t<\/div><\/div><\/li><li class=\"post post-1160 type-post status-publish format-standard has-post-thumbnail hentry category-actualites category-manifestations\"><div class=\"squad-post-outer\"><\/div><div class=\"squad-post-inner\"><div class=\"et_pb_module squad_post_grid_child squad_post_grid_child_0\">\n\t\t\t\t\n\t\t\t\t\n\t\t\t\t\n\t\t\t\t\n\t\t\t\t\n\t\t\t\t\n\t\t\t\t<div class=\"et_pb_module_inner\">\n\t\t\t\t\t<div class=\"post-elements et_pb_with_background\"><div class=\"squad-post-element squad-post-element__title et_pb_with_background\"><h2 class=\"element-text\"><span class=\"element-text\">Ateliers d\u00e9corations de No\u00ebl<\/span><\/h2><\/div><\/div>\n\t\t\t\t<\/div>\n\t\t\t<\/div><div class=\"et_pb_module squad_post_grid_child squad_post_grid_child_1\">\n\t\t\t\t\n\t\t\t\t\n\t\t\t\t\n\t\t\t\t\n\t\t\t\t\n\t\t\t\t\n\t\t\t\t<div class=\"et_pb_module_inner\">\n\t\t\t\t\t<div class=\"post-elements et_pb_with_background\"><div class=\"squad-post-element squad-post-element__image et_pb_with_background\"><img decoding=\"async\" width=\"1984\" height=\"1488\" src=\"https:\/\/www.douriez.fr\/wp-content\/uploads\/2024\/11\/deco-noel-atelier.jpg\" class=\"attachment-full size-full wp-post-image\" alt=\"\" loading=\"lazy\" \/><\/div><\/div>\n\t\t\t\t<\/div>\n\t\t\t<\/div><div class=\"et_pb_module squad_post_grid_child squad_post_grid_child_2\">\n\t\t\t\t\n\t\t\t\t\n\t\t\t\t\n\t\t\t\t\n\t\t\t\t\n\t\t\t\t\n\t\t\t\t<div class=\"et_pb_module_inner\">\n\t\t\t\t\t<div class=\"post-elements et_pb_with_background\"><span class=\"squad-element-icon-wrapper\"><span class=\"icon-element\"><span class=\"et-pb-icon squad_icon\">\ue023<\/span><\/span><\/span><div class=\"squad-post-element squad-post-element__date et_pb_with_background\"><time datetime=\"2024-11-23 12:30:37\">Nov 23, 2024<\/time><\/div><\/div>\n\t\t\t\t<\/div>\n\t\t\t<\/div><div class=\"et_pb_module squad_post_grid_child squad_post_grid_child_3\">\n\t\t\t\t\n\t\t\t\t\n\t\t\t\t\n\t\t\t\t\n\t\t\t\t\n\t\t\t\t\n\t\t\t\t<div class=\"et_pb_module_inner\">\n\t\t\t\t\t<div class=\"post-elements et_pb_with_background\"><div class=\"squad-post-element squad-post-element__content et_pb_with_background\"><span>La cr\u00e9ativit\u00e9 de chacun s'enrichit de jour en jour au sein des ateliers d\u00e9co men\u00e9s avec une grande implication de tous dans une ambiance tr\u00e8s conviviale Dernier RDV: jeudi novembre<\/span><\/div><\/div>\n\t\t\t\t<\/div>\n\t\t\t<\/div><div class=\"et_pb_module squad_post_grid_child squad_post_grid_child_4\">\n\t\t\t\t\n\t\t\t\t\n\t\t\t\t\n\t\t\t\t\n\t\t\t\t\n\t\t\t\t\n\t\t\t\t<div class=\"et_pb_module_inner\">\n\t\t\t\t\t<div class=\"post-elements et_pb_with_background\"><span class=\"squad-element-icon-wrapper\"><span class=\"icon-element\"><span class=\"et-pb-icon squad_icon\">5<\/span><\/span><\/span><div class=\"squad-post-element squad-post-element__read_more et_pb_with_background\"><a href=\"https:\/\/www.douriez.fr\/index.php\/2024\/11\/15\/ateliers-decorations-de-noel\/\" title=\"Read the post\">Read More<\/a><\/div><\/div>\n\t\t\t\t<\/div>\n\t\t\t<\/div><\/div><\/li><li class=\"post post-1154 type-post status-publish format-standard has-post-thumbnail hentry category-actualites category-manifestations\"><div class=\"squad-post-outer\"><\/div><div class=\"squad-post-inner\"><div class=\"et_pb_module squad_post_grid_child squad_post_grid_child_0\">\n\t\t\t\t\n\t\t\t\t\n\t\t\t\t\n\t\t\t\t\n\t\t\t\t\n\t\t\t\t\n\t\t\t\t<div class=\"et_pb_module_inner\">\n\t\t\t\t\t<div class=\"post-elements et_pb_with_background\"><div class=\"squad-post-element squad-post-element__title et_pb_with_background\"><h2 class=\"element-text\"><span class=\"element-text\">Arbre de No\u00ebl<\/span><\/h2><\/div><\/div>\n\t\t\t\t<\/div>\n\t\t\t<\/div><div class=\"et_pb_module squad_post_grid_child squad_post_grid_child_1\">\n\t\t\t\t\n\t\t\t\t\n\t\t\t\t\n\t\t\t\t\n\t\t\t\t\n\t\t\t\t\n\t\t\t\t<div class=\"et_pb_module_inner\">\n\t\t\t\t\t<div class=\"post-elements et_pb_with_background\"><div class=\"squad-post-element squad-post-element__image et_pb_with_background\"><img decoding=\"async\" width=\"1024\" height=\"1024\" src=\"https:\/\/www.douriez.fr\/wp-content\/uploads\/2024\/11\/pere-noel.webp\" class=\"attachment-full size-full wp-post-image\" alt=\"\" loading=\"lazy\" \/><\/div><\/div>\n\t\t\t\t<\/div>\n\t\t\t<\/div><div class=\"et_pb_module squad_post_grid_child squad_post_grid_child_2\">\n\t\t\t\t\n\t\t\t\t\n\t\t\t\t\n\t\t\t\t\n\t\t\t\t\n\t\t\t\t\n\t\t\t\t<div class=\"et_pb_module_inner\">\n\t\t\t\t\t<div class=\"post-elements et_pb_with_background\"><span class=\"squad-element-icon-wrapper\"><span class=\"icon-element\"><span class=\"et-pb-icon squad_icon\">\ue023<\/span><\/span><\/span><div class=\"squad-post-element squad-post-element__date et_pb_with_background\"><time datetime=\"2024-11-23 12:10:47\">Nov 23, 2024<\/time><\/div><\/div>\n\t\t\t\t<\/div>\n\t\t\t<\/div><div class=\"et_pb_module squad_post_grid_child squad_post_grid_child_3\">\n\t\t\t\t\n\t\t\t\t\n\t\t\t\t\n\t\t\t\t\n\t\t\t\t\n\t\t\t\t\n\t\t\t\t<div class=\"et_pb_module_inner\">\n\t\t\t\t\t<div class=\"post-elements et_pb_with_background\"><div class=\"squad-post-element squad-post-element__content et_pb_with_background\"><span>A vos agendas, le P\u00e8re No\u00ebl sera pr\u00e9sent \u00e0 Douriez le samedi 28 d\u00e9cembre apr\u00e8s-midi . \n\n\n\nSpectacle et remise de cadeaux aux enfants seront au rendez-vous<\/span><\/div><\/div>\n\t\t\t\t<\/div>\n\t\t\t<\/div><div class=\"et_pb_module squad_post_grid_child squad_post_grid_child_4\">\n\t\t\t\t\n\t\t\t\t\n\t\t\t\t\n\t\t\t\t\n\t\t\t\t\n\t\t\t\t\n\t\t\t\t<div class=\"et_pb_module_inner\">\n\t\t\t\t\t<div class=\"post-elements et_pb_with_background\"><span class=\"squad-element-icon-wrapper\"><span class=\"icon-element\"><span class=\"et-pb-icon squad_icon\">5<\/span><\/span><\/span><div class=\"squad-post-element squad-post-element__read_more et_pb_with_background\"><a href=\"https:\/\/www.douriez.fr\/index.php\/2024\/11\/14\/arbre-de-noel\/\" title=\"Read the post\">Read More<\/a><\/div><\/div>\n\t\t\t\t<\/div>\n\t\t\t<\/div><\/div><\/li><li class=\"post post-1147 type-post status-publish format-standard has-post-thumbnail hentry category-actualites category-manifestations\"><div class=\"squad-post-outer\"><\/div><div class=\"squad-post-inner\"><div class=\"et_pb_module squad_post_grid_child squad_post_grid_child_0\">\n\t\t\t\t\n\t\t\t\t\n\t\t\t\t\n\t\t\t\t\n\t\t\t\t\n\t\t\t\t\n\t\t\t\t<div class=\"et_pb_module_inner\">\n\t\t\t\t\t<div class=\"post-elements et_pb_with_background\"><div class=\"squad-post-element squad-post-element__title et_pb_with_background\"><h2 class=\"element-text\"><span class=\"element-text\">Comm\u00e9morations du 11 novembre<\/span><\/h2><\/div><\/div>\n\t\t\t\t<\/div>\n\t\t\t<\/div><div class=\"et_pb_module squad_post_grid_child squad_post_grid_child_1\">\n\t\t\t\t\n\t\t\t\t\n\t\t\t\t\n\t\t\t\t\n\t\t\t\t\n\t\t\t\t\n\t\t\t\t<div class=\"et_pb_module_inner\">\n\t\t\t\t\t<div class=\"post-elements et_pb_with_background\"><div class=\"squad-post-element squad-post-element__image et_pb_with_background\"><img decoding=\"async\" width=\"602\" height=\"615\" src=\"https:\/\/www.douriez.fr\/wp-content\/uploads\/2024\/11\/11-24-02.jpg\" class=\"attachment-full size-full wp-post-image\" alt=\"\" loading=\"lazy\" \/><\/div><\/div>\n\t\t\t\t<\/div>\n\t\t\t<\/div><div class=\"et_pb_module squad_post_grid_child squad_post_grid_child_2\">\n\t\t\t\t\n\t\t\t\t\n\t\t\t\t\n\t\t\t\t\n\t\t\t\t\n\t\t\t\t\n\t\t\t\t<div class=\"et_pb_module_inner\">\n\t\t\t\t\t<div class=\"post-elements et_pb_with_background\"><span class=\"squad-element-icon-wrapper\"><span class=\"icon-element\"><span class=\"et-pb-icon squad_icon\">\ue023<\/span><\/span><\/span><div class=\"squad-post-element squad-post-element__date et_pb_with_background\"><time datetime=\"2024-11-23 12:07:33\">Nov 23, 2024<\/time><\/div><\/div>\n\t\t\t\t<\/div>\n\t\t\t<\/div><div class=\"et_pb_module squad_post_grid_child squad_post_grid_child_3\">\n\t\t\t\t\n\t\t\t\t\n\t\t\t\t\n\t\t\t\t\n\t\t\t\t\n\t\t\t\t\n\t\t\t\t<div class=\"et_pb_module_inner\">\n\t\t\t\t\t<div class=\"post-elements et_pb_with_background\"><div class=\"squad-post-element squad-post-element__content et_pb_with_background\"><span>Le novembre est une des grandes dates de la vie comm\u00e9morative Fran\u00e7aise Jour de m\u00e9moire c'est aussi la m\u00e9moire d'un jour celui de l'Armistice de Le maire et la municipalit\u00e9<\/span><\/div><\/div>\n\t\t\t\t<\/div>\n\t\t\t<\/div><div class=\"et_pb_module squad_post_grid_child squad_post_grid_child_4\">\n\t\t\t\t\n\t\t\t\t\n\t\t\t\t\n\t\t\t\t\n\t\t\t\t\n\t\t\t\t\n\t\t\t\t<div class=\"et_pb_module_inner\">\n\t\t\t\t\t<div class=\"post-elements et_pb_with_background\"><span class=\"squad-element-icon-wrapper\"><span class=\"icon-element\"><span class=\"et-pb-icon squad_icon\">5<\/span><\/span><\/span><div class=\"squad-post-element squad-post-element__read_more et_pb_with_background\"><a href=\"https:\/\/www.douriez.fr\/index.php\/2024\/11\/11\/commemorations-du-11-novembre\/\" title=\"Read the post\">Read More<\/a><\/div><\/div>\n\t\t\t\t<\/div>\n\t\t\t<\/div><\/div><\/li><li class=\"post post-1109 type-post status-publish format-standard has-post-thumbnail hentry category-manifestations\"><div class=\"squad-post-outer\"><\/div><div class=\"squad-post-inner\"><div class=\"et_pb_module squad_post_grid_child squad_post_grid_child_0\">\n\t\t\t\t\n\t\t\t\t\n\t\t\t\t\n\t\t\t\t\n\t\t\t\t\n\t\t\t\t\n\t\t\t\t<div class=\"et_pb_module_inner\">\n\t\t\t\t\t<div class=\"post-elements et_pb_with_background\"><div class=\"squad-post-element squad-post-element__title et_pb_with_background\"><h2 class=\"element-text\"><span class=\"element-text\">Atelier d\u00e9corations de No\u00ebl<\/span><\/h2><\/div><\/div>\n\t\t\t\t<\/div>\n\t\t\t<\/div><div class=\"et_pb_module squad_post_grid_child squad_post_grid_child_1\">\n\t\t\t\t\n\t\t\t\t\n\t\t\t\t\n\t\t\t\t\n\t\t\t\t\n\t\t\t\t\n\t\t\t\t<div class=\"et_pb_module_inner\">\n\t\t\t\t\t<div class=\"post-elements et_pb_with_background\"><div class=\"squad-post-element squad-post-element__image et_pb_with_background\"><img decoding=\"async\" width=\"2048\" height=\"1383\" src=\"https:\/\/www.douriez.fr\/wp-content\/uploads\/2024\/10\/inscription-bricolage-noel2024.jpg\" class=\"attachment-full size-full wp-post-image\" alt=\"\" loading=\"lazy\" \/><\/div><\/div>\n\t\t\t\t<\/div>\n\t\t\t<\/div><div class=\"et_pb_module squad_post_grid_child squad_post_grid_child_2\">\n\t\t\t\t\n\t\t\t\t\n\t\t\t\t\n\t\t\t\t\n\t\t\t\t\n\t\t\t\t\n\t\t\t\t<div class=\"et_pb_module_inner\">\n\t\t\t\t\t<div class=\"post-elements et_pb_with_background\"><span class=\"squad-element-icon-wrapper\"><span class=\"icon-element\"><span class=\"et-pb-icon squad_icon\">\ue023<\/span><\/span><\/span><div class=\"squad-post-element squad-post-element__date et_pb_with_background\"><time datetime=\"2024-10-27 10:12:38\">Oct 27, 2024<\/time><\/div><\/div>\n\t\t\t\t<\/div>\n\t\t\t<\/div><div class=\"et_pb_module squad_post_grid_child squad_post_grid_child_3\">\n\t\t\t\t\n\t\t\t\t\n\t\t\t\t\n\t\t\t\t\n\t\t\t\t\n\t\t\t\t\n\t\t\t\t<div class=\"et_pb_module_inner\">\n\t\t\t\t\t<div class=\"post-elements et_pb_with_background\"><div class=\"squad-post-element squad-post-element__content et_pb_with_background\"><span>Samedi 2 novembre et samedi 9, cr\u00e9ation et d\u00e9corations de No\u00ebl \u00e0 partir de 15 heures \u00e0 la salle des f\u00eates.<\/span><\/div><\/div>\n\t\t\t\t<\/div>\n\t\t\t<\/div><div class=\"et_pb_module squad_post_grid_child squad_post_grid_child_4\">\n\t\t\t\t\n\t\t\t\t\n\t\t\t\t\n\t\t\t\t\n\t\t\t\t\n\t\t\t\t\n\t\t\t\t<div class=\"et_pb_module_inner\">\n\t\t\t\t\t<div class=\"post-elements et_pb_with_background\"><span class=\"squad-element-icon-wrapper\"><span class=\"icon-element\"><span class=\"et-pb-icon squad_icon\">5<\/span><\/span><\/span><div class=\"squad-post-element squad-post-element__read_more et_pb_with_background\"><a href=\"https:\/\/www.douriez.fr\/index.php\/2024\/10\/27\/atelier-decorations-de-noel\/\" title=\"Read the post\">Read More<\/a><\/div><\/div>\n\t\t\t\t<\/div>\n\t\t\t<\/div><\/div><\/li><li class=\"post post-1107 type-post status-publish format-standard has-post-thumbnail hentry category-manifestations\"><div class=\"squad-post-outer\"><\/div><div class=\"squad-post-inner\"><div class=\"et_pb_module squad_post_grid_child squad_post_grid_child_0\">\n\t\t\t\t\n\t\t\t\t\n\t\t\t\t\n\t\t\t\t\n\t\t\t\t\n\t\t\t\t\n\t\t\t\t<div class=\"et_pb_module_inner\">\n\t\t\t\t\t<div class=\"post-elements et_pb_with_background\"><div class=\"squad-post-element squad-post-element__title et_pb_with_background\"><h2 class=\"element-text\"><span class=\"element-text\">Repas des ain\u00e9s<\/span><\/h2><\/div><\/div>\n\t\t\t\t<\/div>\n\t\t\t<\/div><div class=\"et_pb_module squad_post_grid_child squad_post_grid_child_1\">\n\t\t\t\t\n\t\t\t\t\n\t\t\t\t\n\t\t\t\t\n\t\t\t\t\n\t\t\t\t\n\t\t\t\t<div class=\"et_pb_module_inner\">\n\t\t\t\t\t<div class=\"post-elements et_pb_with_background\"><div class=\"squad-post-element squad-post-element__image et_pb_with_background\"><img decoding=\"async\" width=\"1984\" height=\"1488\" src=\"https:\/\/www.douriez.fr\/wp-content\/uploads\/2024\/10\/repas-aines2024.jpg\" class=\"attachment-full size-full wp-post-image\" alt=\"\" loading=\"lazy\" \/><\/div><\/div>\n\t\t\t\t<\/div>\n\t\t\t<\/div><div class=\"et_pb_module squad_post_grid_child squad_post_grid_child_2\">\n\t\t\t\t\n\t\t\t\t\n\t\t\t\t\n\t\t\t\t\n\t\t\t\t\n\t\t\t\t\n\t\t\t\t<div class=\"et_pb_module_inner\">\n\t\t\t\t\t<div class=\"post-elements et_pb_with_background\"><span class=\"squad-element-icon-wrapper\"><span class=\"icon-element\"><span class=\"et-pb-icon squad_icon\">\ue023<\/span><\/span><\/span><div class=\"squad-post-element squad-post-element__date et_pb_with_background\"><time datetime=\"2024-10-27 10:13:42\">Oct 27, 2024<\/time><\/div><\/div>\n\t\t\t\t<\/div>\n\t\t\t<\/div><div class=\"et_pb_module squad_post_grid_child squad_post_grid_child_3\">\n\t\t\t\t\n\t\t\t\t\n\t\t\t\t\n\t\t\t\t\n\t\t\t\t\n\t\t\t\t\n\t\t\t\t<div class=\"et_pb_module_inner\">\n\t\t\t\t\t<div class=\"post-elements et_pb_with_background\"><div class=\"squad-post-element squad-post-element__content et_pb_with_background\"><span>Par un mercredi d'octobre pluvieux rien de tel que des retrouvailles pour nos a\u00een\u00e9s autour d'un bon repas \u00e0 l'Estaminet de l'andouillet dans une ambiance anim\u00e9e Nous remercions vivement l'ensemble<\/span><\/div><\/div>\n\t\t\t\t<\/div>\n\t\t\t<\/div><div class=\"et_pb_module squad_post_grid_child squad_post_grid_child_4\">\n\t\t\t\t\n\t\t\t\t\n\t\t\t\t\n\t\t\t\t\n\t\t\t\t\n\t\t\t\t\n\t\t\t\t<div class=\"et_pb_module_inner\">\n\t\t\t\t\t<div class=\"post-elements et_pb_with_background\"><span class=\"squad-element-icon-wrapper\"><span class=\"icon-element\"><span class=\"et-pb-icon squad_icon\">5<\/span><\/span><\/span><div class=\"squad-post-element squad-post-element__read_more et_pb_with_background\"><a href=\"https:\/\/www.douriez.fr\/index.php\/2024\/10\/12\/repas-des-aines\/\" title=\"Read the post\">Read More<\/a><\/div><\/div>\n\t\t\t\t<\/div>\n\t\t\t<\/div><\/div><\/li><\/ul><div class=\"squad-pagination clearfix\"><div class=\"pagination-numbers\"><span aria-current=\"page\" class=\"page-numbers current\">1<\/span><a class=\"page-numbers\" href=\"https:\/\/www.douriez.fr\/index.php\/wp-json\/wp\/v2\/pages\/1078\/?paged=2\">2<\/a><a class=\"page-numbers\" href=\"https:\/\/www.douriez.fr\/index.php\/wp-json\/wp\/v2\/pages\/1078\/?paged=3\">3<\/a><\/div><a class=\"next pagination-entries\" href=\"https:\/\/www.douriez.fr\/index.php\/wp-json\/wp\/v2\/pages\/1078\/?paged=2\"><span class=\"et-pb-icon squad-pagination_next_entries-icon\">=<\/span><\/a><\/div>\n\t\t\t\t<\/div>\n\t\t\t<\/div><\/p>\n","protected":false},"author":1,"featured_media":0,"parent":0,"menu_order":0,"comment_status":"closed","ping_status":"closed","template":"","meta":{"_et_pb_use_builder":"on","_et_pb_old_content":"","_et_gb_content_width":"","footnotes":""},"folder":[],"class_list":["post-1078","page","type-page","status-publish","hentry"],"_links":{"self":[{"href":"https:\/\/www.douriez.fr\/index.php\/wp-json\/wp\/v2\/pages\/1078","targetHints":{"allow":["GET"]}}],"collection":[{"href":"https:\/\/www.douriez.fr\/index.php\/wp-json\/wp\/v2\/pages"}],"about":[{"href":"https:\/\/www.douriez.fr\/index.php\/wp-json\/wp\/v2\/types\/page"}],"author":[{"embeddable":true,"href":"https:\/\/www.douriez.fr\/index.php\/wp-json\/wp\/v2\/users\/1"}],"replies":[{"embeddable":true,"href":"https:\/\/www.douriez.fr\/index.php\/wp-json\/wp\/v2\/comments?post=1078"}],"version-history":[{"count":9,"href":"https:\/\/www.douriez.fr\/index.php\/wp-json\/wp\/v2\/pages\/1078\/revisions"}],"predecessor-version":[{"id":1092,"href":"https:\/\/www.douriez.fr\/index.php\/wp-json\/wp\/v2\/pages\/1078\/revisions\/1092"}],"wp:attachment":[{"href":"https:\/\/www.douriez.fr\/index.php\/wp-json\/wp\/v2\/media?parent=1078"}],"wp:term":[{"taxonomy":"folder","embeddable":true,"href":"https:\/\/www.douriez.fr\/index.php\/wp-json\/wp\/v2\/folder?post=1078"}],"curies":[{"name":"wp","href":"https:\/\/api.w.org\/{rel}","templated":true}]}}